{"id":5931,"date":"2026-01-17T18:47:33","date_gmt":"2026-01-17T17:47:33","guid":{"rendered":"https:\/\/mydelka.dnsite.pl\/?page_id=5931"},"modified":"2026-01-21T23:46:27","modified_gmt":"2026-01-21T22:46:27","slug":"privacy-policy","status":"publish","type":"page","link":"https:\/\/mydelka.dnsite.pl\/en\/privacy-policy\/","title":{"rendered":"Privacy Policy"},"content":{"rendered":"\n<h2 class=\"wp-block-heading has-text-align-center\"><strong>POLITYKA PRYWATNO\u015aCI SKLEPU INTERNETOWEGO mydelka.dnsite.pl<\/strong><\/h2>\n\n\n\n<p><strong>INFORMACJE OG\u00d3LNE:<\/strong><\/p>\n\n\n\n<p>Polityka prywatno\u015bci dotyczy przetwarzania i ochrony danych osobowych U\u017cytkownik\u00f3w w zwi\u0105zku z korzystaniem z serwisu&nbsp;<strong>SKLEP INTERNETOWY<\/strong>, zwanego dalej \u201e<strong><em>Serwisem<\/em><\/strong>\u201d, w tym jego podstron, administrowanego przez&nbsp;<strong>KATARZYN\u0118 MARCI\u0143CZAK<\/strong> prowadz\u0105c\u0105 dzia\u0142alno\u015b\u0107 gospodarcz\u0105 pod firm\u0105:&nbsp;<strong>MANUFAKTURA KATARZYNA MARCI\u0143CZAK <\/strong>wpisan\u0105 do Centralnej Ewidencji i Informacji o Dzia\u0142alno\u015bci Gospodarczej (CEIDG) prowadzonej przez ministra w\u0142a\u015bciwego ds. gospodarki,&nbsp;<strong>NIP: 7712502842<\/strong>, <strong>Regon: 521118014<\/strong>, zwan\u0105 dalej \u201eMANUFAKTURA KATARZYNA MARCI\u0143CZAK\u201d.<\/p>\n\n\n\n<p>Polityka prywatno\u015bci zawiera obowi\u0105zuj\u0105ce w Serwisie zasady zbierania i wykorzystywania danych o U\u017cytkownikach, w tym przy sk\u0142adaniu przez U\u017cytkownik\u00f3w zam\u00f3wie\u0144 na oferowane przez MANUFAKTUR\u0118 KATARZYNA MARCI\u0143CZAK towary i us\u0142ugi.<\/p>\n\n\n\n<p>Naszym nadrz\u0119dnym celem jest zapewnienie U\u017cytkownikom Serwisu ochrony prywatno\u015bci na poziomie co najmniej odpowiadaj\u0105cym standardom okre\u015blonym w obowi\u0105zuj\u0105cych przepisach prawnych, w szczeg\u00f3lno\u015bci w ustawie z dnia 18 lipca 2002 r. o \u015bwiadczeniu us\u0142ug drog\u0105 elektroniczn\u0105, rozporz\u0105dzeniu Parlamentu Europejskiego i Rady (UE) 2016\/679 z 27 kwietnia 2016r. w sprawie ochrony os\u00f3b fizycznych w zwi\u0105zku z przetwarzaniem danych osobowych i w sprawie swobodnego przep\u0142ywu takich danych oraz uchylenia dyrektywy 95\/46\/WE (og\u00f3lne rozporz\u0105dzenie o ochronie danych) \u2013 RODO (Dz. Urz. UE L 119, s.1) oraz w ustawie z dnia 16 lipca 2004 r. Prawo telekomunikacyjne.<\/p>\n\n\n\n<p>Informujemy, \u017ce w ramach Serwisu mog\u0105 zosta\u0107 zamieszczone linki umo\u017cliwiaj\u0105ce jego U\u017cytkownikom bezpo\u015brednie dotarcie do innych stron internetowych. MANUFAKTURA KATARZYNA MARCI\u0143CZAK nie ma wp\u0142ywu na prowadzon\u0105 przez ich administrator\u00f3w polityk\u0119 prywatno\u015bci oraz wykorzystywania plik\u00f3w cookies. Zalecamy, aby przed skorzystaniem z zasob\u00f3w oferowanych przez inne strony internetowe, ka\u017cdy U\u017cytkownik zapozna\u0142 si\u0119 z dokumentem dotycz\u0105cym polityki prywatno\u015bci oraz wykorzystywania plik\u00f3w cookies, je\u017celi zosta\u0142y one udost\u0119pnione, a w razie ich braku skontaktowa\u0142 si\u0119 z redakcj\u0105 danej strony celem uzyskania informacji na ten temat.<\/p>\n\n\n\n<p><strong>ADMINISTRATOR DANYCH OSOBOWYCH;<\/strong><\/p>\n\n\n\n<p>Administratorem danych osobowych jest&nbsp;KATARZYNA MARCI\u0143CZAK prowadz\u0105ca dzia\u0142alno\u015b\u0107 gospodarcz\u0105 pod firm\u0105: MANUFAKTURA KATARZYNA MARCI\u0143CZAK wpisana do Centralnej Ewidencji i Informacji o Dzia\u0142alno\u015bci Gospodarczej (CEIDG) prowadzonej przez ministra w\u0142a\u015bciwego ds. gospodarki, NIP: 7712502842, Regon: 521118014.<\/p>\n\n\n\n<p>W sprawach zwi\u0105zanych z ochron\u0105 danych osobowych, Klient mo\u017ce skontaktowa\u0107 si\u0119 pisz\u0105c na adres:&nbsp;<a href=\"mailto:www@mydelka.dnsite.pl\"><strong>www@mydelka.dnsite.pl<\/strong><\/a><\/p>\n\n\n\n<p><strong>SPOS\u00d3B PRZETWARZANIA DANYCH OSOBOWYCH;<\/strong><\/p>\n\n\n\n<ol class=\"wp-block-list\">\n<li>W czasie przegl\u0105dania zawarto\u015bci Serwisu przez U\u017cytkownik\u00f3w, automatycznie zbierane s\u0105 informacje dotycz\u0105ce korzystania z Serwisu przez U\u017cytkownik\u00f3w oraz ich adresy IP w oparciu o analiz\u0119 log\u00f3w dost\u0119powych, np. typ przegl\u0105darki, typ systemu operacyjnego, data i czas odwiedzin, liczba po\u0142\u0105cze\u0144, liczba otwieranych podstron Serwisu, przegl\u0105dane tre\u015bci.<\/li>\n\n\n\n<li>Samo przegl\u0105danie zawarto\u015bci Serwisu nie wymaga podawania przez U\u017cytkownika jego danych osobowych.<\/li>\n\n\n\n<li>Korzystanie z niekt\u00f3rych funkcjonalno\u015bci Serwisu mo\u017ce zosta\u0107 poprzedzone procesem rejestracji, z kt\u00f3rym mo\u017ce wi\u0105za\u0107 si\u0119 podanie przez U\u017cytkownika jego danych osobowych. W takim przypadku niepodania przez U\u017cytkownika danych osobowych mo\u017ce ograniczy\u0107 mu korzystanie z niekt\u00f3rych funkcjonalno\u015bci Serwisu.<\/li>\n\n\n\n<li>W ramach Serwisu zamieszczone s\u0105 formularz kontaktowy oraz formularz zam\u00f3wienia na oferowane przez MANUFAKTUR\u0118 KATARZYNA MARCI\u0143CZAK towary i us\u0142ugi. Wype\u0142nienie formularzy wi\u0105\u017ce si\u0119 z podaniem przez U\u017cytkownika okre\u015blonych danych osobowych.<\/li>\n<\/ol>\n\n\n\n<p><strong>ZAKRES GROMADZONYCH DANYCH I INFORMACJI;<\/strong><\/p>\n\n\n\n<ol class=\"wp-block-list\">\n<li>U\u017cytkownik Serwisu mo\u017ce zosta\u0107 poproszony o podanie nast\u0119puj\u0105cych danych osobowych: imienia i nazwiska, adresu zamieszkania, numeru telefonu, adresu poczty elektronicznej (adresu e-mail), has\u0142a. Dane osobowe, kt\u00f3rych podanie przez U\u017cytkownika jest niezb\u0119dne do korzystania z poszczeg\u00f3lnych funkcjonalno\u015bci Serwisu s\u0105 ka\u017cdorazowo oznaczone i wyr\u00f3\u017cnione od danych, kt\u00f3rych podanie zale\u017cy od uznania U\u017cytkownika.<\/li>\n\n\n\n<li>Dane osobowe gromadzone podczas procesu rejestracji s\u0105 wykorzystywane do umo\u017cliwienia U\u017cytkownikowi zalogowania si\u0119 do Serwisu lub jego podstron w celu skorzystania z funkcjonalno\u015bci, do kt\u00f3rych dost\u0119p poprzedzony jest procesem rejestracji oraz do realizacji zobowi\u0105za\u0144 MANUFAKTURY KATARZYNA MARCI\u0143CZAK wobec U\u017cytkownika.<\/li>\n\n\n\n<li>Dane osobowe zamieszczone przez U\u017cytkownika w formularzu kontaktowym s\u0105 wykorzystywane w celu udzielenia odpowiedzi na zapytanie z\u0142o\u017cone przez U\u017cytkownika Serwisu.<\/li>\n\n\n\n<li>W przypadku, gdy U\u017cytkownik Serwisu z\u0142o\u017cy\u0142 zam\u00f3wienie na us\u0142ug\u0119 \u015bwiadczon\u0105 drog\u0105 elektroniczn\u0105, kt\u00f3rej przedmiotem jest bezp\u0142atne dostarczanie newsletter\u00f3w lub w inny spos\u00f3b wyrazi\u0142 zgod\u0119 na ich otrzymywanie, uzyskany adres poczty elektronicznej (adres e-mail) jest dodawany do listy e-mailingowej i jest wykorzystywany w celu wys\u0142ania U\u017cytkownikowi newslettera. Szczeg\u00f3\u0142owe zasady bezp\u0142atnego dostarczania newsletter\u00f3w okre\u015bla Regulamin \u015bwiadczenia us\u0142ugi Newsletter.<\/li>\n\n\n\n<li>W przypadku dokonania rejestracji oraz z\u0142o\u017cenia zam\u00f3wienia w sklepie internetowym prowadzonym przez MANUFAKTUR\u0118 KATARZYNA MARCI\u0143CZAK&nbsp;zebrane w ten spos\u00f3b dane osobowe s\u0142u\u017c\u0105 do za\u0142o\u017cenia Konta Klienta, obs\u0142ugi i realizacji zam\u00f3wie\u0144.&nbsp;<\/li>\n\n\n\n<li>Zebrane dane s\u0142u\u017c\u0105 tak\u017ce do ustalania profilu U\u017cytkownika i pozwalaj\u0105 na dostosowanie zawarto\u015bci Serwisu oraz newsletter\u00f3w do jego potrzeb. Przetwarzanie wskazanych danych zawsze odbywa si\u0119 zgodnie z ustaw\u0105 z dnia 18 lipca 2002 r. o \u015bwiadczeniu us\u0142ug drog\u0105 elektroniczn\u0105 oraz zgodnie z ustawi\u0105 z dnia 10 maja 2018r. o ochronie danych osobowych.<\/li>\n\n\n\n<li>Informacje zbierane automatycznie wykorzystywane s\u0105 do zarz\u0105dzania Serwisem, stwierdzania ewentualnych zagro\u017ce\u0144 bezpiecze\u0144stwa, badania ruchu U\u017cytkownik\u00f3w w ramach Serwisu oraz w celach statystycznych, w tym z wykorzystaniem narz\u0119dzia Google Analytics, np. o regionie, z kt\u00f3rego nast\u0105pi\u0142o po\u0142\u0105czenie, numerze IP, dacie i czasie po\u0142\u0105czenia, \u017ar\u00f3dle i liczbie po\u0142\u0105cze\u0144, liczbie otwieranych podstron Serwisu lub do personalizacji zawarto\u015bci podstron Serwisu. Informacje te nie s\u0105 w \u017caden spos\u00f3b \u0142\u0105czone z danymi osobowymi U\u017cytkownika Serwisu i nie s\u0105 wykorzystywane do okre\u015blenia to\u017csamo\u015bci U\u017cytkownika. Zakres informacji zbieranych automatycznie zale\u017cy od ustawie\u0144 przegl\u0105darki internetowej U\u017cytkownika. U\u017cytkownik powinien sprawdzi\u0107 ustawienia swojej przegl\u0105darki, aby dowiedzie\u0107 si\u0119 jakie informacje s\u0105 udost\u0119pniane przez przegl\u0105dark\u0119 automatycznie lub w celu dokonania zmiany tych ustawie\u0144. W tym celu zalecamy zapoznanie si\u0119 z tre\u015bci\u0105 \u201ePomocy\u201d przegl\u0105darki internetowej. Kliknij, aby zapozna\u0107 si\u0119 z informacjami dotycz\u0105cymi zablokowania narz\u0119dzia Google Analytics.<\/li>\n\n\n\n<li>Informacje o lokalizacji s\u0105 wykorzystywane do dostosowania zawarto\u015bci Serwisu do potrzeb U\u017cytkownika, np. szukaj\u0105c danych o po\u0142o\u017ceniu naszych Salon\u00f3w firmowych w pierwszej kolejno\u015bci zostan\u0105 wskazane te znajduj\u0105ce si\u0119 w najbli\u017cszej okolicy U\u017cytkownika.<\/li>\n\n\n\n<li>Informujemy, \u017ce na podstawie obowi\u0105zuj\u0105cych przepis\u00f3w prawa mo\u017cemy zosta\u0107 zobowi\u0105zani przez upowa\u017cnione do tego organy pa\u0144stwa do ujawnienia danych, w tym adresu IP U\u017cytkownika Serwisu.<\/li>\n<\/ol>\n\n\n\n<p><strong>ZASADY PRZETWARZANIA DANYCH OSOBOWYCH;<\/strong><\/p>\n\n\n\n<ol class=\"wp-block-list\">\n<li>Podanie danych osobowych przez U\u017cytkownik\u00f3w Serwisu jest dobrowolne. &nbsp;Dane osobowe u\u017cytkownik\u00f3w Serwisu przetwarzane b\u0119d\u0105 na potrzeby zwi\u0105zane&nbsp;z rejestracj\u0105 w Sklepie, oraz w przypadku udzielenia stosownej zgody, do marketingu naszych produkt\u00f3w i us\u0142ug oraz udzia\u0142u w us\u0142udze Newsletter. W przypadku zakupu towar\u00f3w, dane osobowe przetwarzane b\u0119d\u0105 w celu prawid\u0142owej realizacji umowy kupna-sprzeda\u017cy naszych produkt\u00f3w, jak te\u017c ich wysy\u0142ki. Niepodanie danych osobowych niezb\u0119dnych do zawarcia Umowy kupna \u2013 sprzeda\u017cy skutkuje odmow\u0105 zawarcia tej\u017ce umowy.<\/li>\n\n\n\n<li>Podstaw\u0105 prawn\u0105 przetwarzania danych osobowych w zakresie rejestracji u\u017cytkownika w Serwisie, marketingu produkt\u00f3w i us\u0142ug oraz udzia\u0142u w us\u0142udze Newsletter jest udzielona zgoda, natomiast w przypadku zakupu towar\u00f3w przetwarzanie danych jest konieczne w celu realizacji umowy.<\/li>\n\n\n\n<li>Dane osobowe b\u0119d\u0105 przechowywane do momentu wycofania przez u\u017cytkownika zgody lub maksymalnie do 5 lat od momentu zrealizowania zam\u00f3wienia.<\/li>\n\n\n\n<li>Dane osobowe przekazywa\u0107 b\u0119dziemy do firm obs\u0142uguj\u0105cych nas w zakresie teleinformatycznym, prawnym oraz realizuj\u0105cym dla nas dzia\u0142ania marketingowe, jak r\u00f3wnie\u017c realizuj\u0105cych dostaw\u0119 towaru. Nie b\u0119dziemy przekazywa\u0107 danych osobowych Klient\u00f3w do pa\u0144stw trzecich.<\/li>\n<\/ol>\n\n\n\n<p><strong>UPRAWNIENIA U\u017bYTKOWNIKA;<\/strong><\/p>\n\n\n\n<p>Zgodnie z&nbsp;<a href=\"https:\/\/uodo.gov.pl\/pl\/404\/224\">Rozporz\u0105dzeniem Parlamentu Europejskiego i&nbsp;Rady (UE) 2016\/679 z&nbsp;dnia 27 kwietnia 2016 r. w&nbsp;sprawie ochrony os\u00f3b fizycznych w&nbsp;zwi\u0105zku z&nbsp;przetwarzaniem danych osobowych i&nbsp;w sprawie swobodnego przep\u0142ywu takich danych oraz uchylenia dyrektywy 95\/46\/WE (og\u00f3lne rozporz\u0105dzenie o&nbsp;ochronie danych)<\/a> (<a href=\"https:\/\/uodo.gov.pl\/pl\/404\/224\">https:\/\/uodo.gov.pl\/pl\/404\/224<\/a> )przys\u0142uguje Pa\u0144stwu szereg praw w zwi\u0105zku z przekazaniem nam danych osobowych, takich jak:<\/p>\n\n\n\n<ol class=\"wp-block-list\">\n<li>prawo do informacji, w jaki spos\u00f3b s\u0105 przetwarzane Pa\u0144stwa dane osobowe&nbsp;\u2013 w razie pyta\u0144 dotycz\u0105cych tego czy i jak przetwarzamy Pa\u0144stwa dane, prosimy skontaktowa\u0107 si\u0119 z nami, przesy\u0142aj\u0105c informacj\u0119 pod adres&nbsp;<a href=\"mailto:www@mydelka.dnsite.pl\"><strong>www@mydelka.dnsite.pl<\/strong><\/a><strong>,<\/strong> ch\u0119tnie na nie odpowiemy,&nbsp;<\/li>\n\n\n\n<li>prawo do dost\u0119pu i aktualizacji danych&nbsp;\u2013 zawsze maj\u0105 pa\u0144stwo dost\u0119p do swoich danych osobowych na Pa\u0144stwa koncie w sklepie. Mog\u0105 tam Pa\u0144stwo edytowa\u0107 dostarczone nam dane oraz je aktualizowa\u0107. Je\u017celi nie za\u0142o\u017cyli Pa\u0144stwo konta w sklepie, prosimy skontaktowa\u0107 si\u0119 z nami z pro\u015bb\u0105 dost\u0119pu do Pa\u0144stwa danych \u2013 przeka\u017cemy informacje, przetworzymy je w\u00f3wczas lub zaktualizujemy je na Pa\u0144stwa pro\u015bb\u0119.<\/li>\n\n\n\n<li>na zasadach okre\u015blonych w RODO, przys\u0142uguje pa\u0144stwu r\u00f3wnie\u017c prawo do:&nbsp;<\/li>\n<\/ol>\n\n\n\n<ul class=\"wp-block-list\">\n<li>usuni\u0119cia danych&nbsp;\u2013 je\u017celi chcecie Pa\u0144stwo, aby\u015bmy przestali przetwarza\u0107 Pa\u0144stwa dane, prosimy napisa\u0107 do nas pro\u015bb\u0119 o usuni\u0119cie Pa\u0144stwa konta w sklepie lub zg\u0142osi\u0107 nam takie \u017c\u0105danie. Prosimy pami\u0119ta\u0107 jednak, \u017ce nie jest to bezwzgl\u0119dne prawo i mo\u017cemy odm\u00f3wi\u0107 usuni\u0119cia Pa\u0144stwa danych, co do kt\u00f3rych mamy podstaw\u0119 do ich przetwarzania (np. realizacja obowi\u0105zku prawnego lub dochodzenia roszcze\u0144 lub obrony przed roszczeniami, kt\u00f3re mog\u0105 by\u0107 kierowane przeciwko nam),<\/li>\n\n\n\n<li>\u017c\u0105dania&nbsp;ograniczenia przetwarzania&nbsp;Pa\u0144stwa danych,&nbsp;<\/li>\n\n\n\n<li>zg\u0142oszenia sprzeciwu&nbsp;co do przetwarzania Pa\u0144stwa danych, je\u017celi podstaw\u0105 przetwarzania jest uzasadniony interes administratora lub wykonywanie zada\u0144 w interesie publicznym,&nbsp;<\/li>\n\n\n\n<li>cofni\u0119cia zgody, je\u017celi dane s\u0105 przetwarzane na podstawie Pa\u0144stwa zgody,&nbsp;<\/li>\n\n\n\n<li>przeniesienia danych, je\u017celi przetwarzanie odbywa si\u0119 na podstawie umowy lub Pa\u0144stwa zgody,<\/li>\n<\/ul>\n\n\n\n<p>W przypadku, gdy dane osobowe przetwarzane s\u0105 w spos\u00f3b niezgodny z prawem, u\u017cytkownik Serwisu ma prawo wnie\u015b\u0107 skarg\u0119 do Prezesa Urz\u0119du Ochrony Danych Osobowych.<\/p>\n\n\n\n<p><strong>INFORMACJE DOTYCZ\u0104CE PLIK\u00d3W COOKIES;<\/strong><\/p>\n\n\n\n<ol class=\"wp-block-list\">\n<li>Pliki cookies (tzw.\u201e<em>ciasteczka<\/em>\u201d) stanowi\u0105 dane informatyczne, w szczeg\u00f3lno\u015bci pliki tekstowe, kt\u00f3re przechowywane s\u0105 w urz\u0105dzeniu ko\u0144cowym U\u017cytkownika Sklepu i przeznaczone s\u0105 do korzystania ze stron internetowych Sklepu. Cookies zazwyczaj zawieraj\u0105 nazw\u0119 strony internetowej, z kt\u00f3rej pochodz\u0105, czas przechowywania ich na urz\u0105dzeniu ko\u0144cowym oraz unikalny numer.<\/li>\n\n\n\n<li>Podmiotem zamieszczaj\u0105cym na urz\u0105dzeniu ko\u0144cowym U\u017cytkownika Sklepu pliki cookies oraz uzyskuj\u0105cym do nich dost\u0119p jest Operator Sklepu.<\/li>\n\n\n\n<li>Pliki cookies wykorzystywane s\u0105 w celu:\n<ol class=\"wp-block-list\">\n<li>zapami\u0119tywania informacji o sesji u\u017cytkownika Serwisu,<\/li>\n\n\n\n<li>statystycznym,<\/li>\n\n\n\n<li>marketingowym,<\/li>\n\n\n\n<li>udost\u0119pniania funkcji Sklepu.<\/li>\n<\/ol>\n<\/li>\n\n\n\n<li>W wielu przypadkach oprogramowanie s\u0142u\u017c\u0105ce do przegl\u0105dania stron internetowych (przegl\u0105darka internetowa) domy\u015blnie dopuszcza przechowywanie plik\u00f3w cookies w urz\u0105dzeniu ko\u0144cowym U\u017cytkownika. U\u017cytkownicy Sklepu mog\u0105 dokona\u0107 w ka\u017cdym czasie zmiany ustawie\u0144 dotycz\u0105cych plik\u00f3w cookies. Ustawienia te mog\u0105 zosta\u0107 zmienione w szczeg\u00f3lno\u015bci w taki spos\u00f3b, aby blokowa\u0107 automatyczn\u0105 obs\u0142ug\u0119 plik\u00f3w cookies w ustawieniach przegl\u0105darki internetowej b\u0105d\u017a informowa\u0107 o ich ka\u017cdorazowym zamieszczeniu w urz\u0105dzeniu U\u017cytkownika Sklepu. Szczeg\u00f3\u0142owe informacje o mo\u017cliwo\u015bci i sposobach obs\u0142ugi plik\u00f3w cookies dost\u0119pne s\u0105 w ustawieniach oprogramowania (przegl\u0105darki internetowej).<\/li>\n\n\n\n<li>Operator Sklepu informuje, \u017ce ograniczenia stosowania plik\u00f3w cookies mog\u0105 wp\u0142yn\u0105\u0107 na niekt\u00f3re funkcjonalno\u015bci dost\u0119pne na stronach internetowych Sklepu<\/li>\n\n\n\n<li>Pliki cookies zamieszczane w urz\u0105dzeniu ko\u0144cowym U\u017cytkownika Sklepu i wykorzystywane mog\u0105 by\u0107 r\u00f3wnie\u017c przez wsp\u00f3\u0142pracuj\u0105cych z Operatorem Sklepu reklamodawc\u00f3w oraz partner\u00f3w.<\/li>\n\n\n\n<li>Aby dowiedzie\u0107 si\u0119 jak zarz\u0105dza\u0107 plikami cookies, w tym jak wy\u0142\u0105czy\u0107 ich obs\u0142ug\u0119 w Twojej przegl\u0105darce, nale\u017cy skorzysta\u0107 z pliku pomocy przegl\u0105darki. Z informacjami na ten temat mo\u017cna zapozna\u0107 si\u0119 wciskaj\u0105c klawisz F1 w przegl\u0105darce.&nbsp;<\/li>\n\n\n\n<li>W przypadku niewy\u0142\u0105czenia wykorzystywania plik\u00f3w cookies w ustawieniach przegl\u0105darki, u\u017cytkownik Serwisu wyra\u017ca zgod\u0119 na ich wykorzystanie.<\/li>\n<\/ol>\n\n\n\n<p><strong>Zabezpieczenie danych osobowych<\/strong><\/p>\n\n\n\n<p>Serwis jest zabezpieczony w \u015brodki bezpiecze\u0144stwa maj\u0105ce na celu ochron\u0119 danych osobowych przetwarzanych przez MANUFAKTUR\u0118 KATARZYNA MARCI\u0143CZAK przed ich modyfikacj\u0105, zniszczeniem, nieuprawnionym dost\u0119pem i ujawnieniem lub pozyskaniem oraz ich utrat\u0105, a tak\u017ce przetwarzaniem z naruszeniem przepis\u00f3w okre\u015blaj\u0105cych zasady post\u0119powania przy przetwarzaniu danych osobowych.<\/p>\n\n\n\n<p>Dost\u0119p do przetwarzania danych osobowych U\u017cytkownik\u00f3w ma tylko ograniczona liczba pracownik\u00f3w MANUFAKTURY KATARZYNA MARCI\u0143CZAK, kt\u00f3rzy posiadaj\u0105 upowa\u017cnienie nadane im przez KATARZYN\u0118 MARCI\u0143CZAK, jako administratora danych.<\/p>\n\n\n\n<p><strong>Kontakt<\/strong><\/p>\n\n\n\n<p>Wszelkie pytania zwi\u0105zane z przetwarzaniem i ochron\u0105 danych osobowych U\u017cytkownik\u00f3w Systemu oraz wykorzystywaniem plik\u00f3w cookies, w tym dotycz\u0105ce niniejszej \u201ePolityki prywatno\u015bci i plik\u00f3w cookies\u201d prosimy kierowa\u0107 na adres: <a href=\"mailto:www@mydelka.dnsite.pl\"><strong>www@mydelka.dnsite.pl<\/strong><\/a><strong>.<\/strong>&nbsp;<\/p>\n\n\n\n<p>Na adres <a href=\"mailto:www@mydelka.dnsite.pl\"><strong>www@mydelka.dnsite.pl<\/strong><\/a> U\u017cytkownik mo\u017ce r\u00f3wnie\u017c skontaktowa\u0107 si\u0119 z nami w celu uzyskania informacji o tym, czy i w jakim zakresie MANUFAKTURA KATARZYNA MARCI\u0143CZAK przetwarza dane U\u017cytkownika, o celach i sposobach przetwarzania danych osobowych U\u017cytkownika Serwisu, a tak\u017ce w celu dost\u0119pu do tre\u015bci swoich danych osobowych, ich poprawiania lub usuni\u0119cia.<\/p>\n\n\n\n<div style=\"height:100px\" aria-hidden=\"true\" class=\"wp-block-spacer\"><\/div>\n\n\n\n<p><\/p>\n","protected":false},"excerpt":{"rendered":"<p>POLITYKA PRYWATNO\u015aCI SKLEPU INTERNETOWEGO mydelka.dnsite.pl INFORMACJE OG\u00d3LNE: Polityka prywatno\u015bci dotyczy przetwarzania i ochrony danych osobowych U\u017cytkownik\u00f3w w zwi\u0105zku z korzystaniem z serwisu&nbsp;SKLEP INTERNETOWY, zwanego dalej \u201eSerwisem\u201d, w tym jego podstron, administrowanego przez&nbsp;KATARZYN\u0118 MARCI\u0143CZAK prowadz\u0105c\u0105 dzia\u0142alno\u015b\u0107 gospodarcz\u0105 pod firm\u0105:&nbsp;MANUFAKTURA KATARZYNA MARCI\u0143CZAK wpisan\u0105 do Centralnej Ewidencji i Informacji o Dzia\u0142alno\u015bci Gospodarczej (CEIDG) prowadzonej przez ministra w\u0142a\u015bciwego ds. [&hellip;]<\/p>\n","protected":false},"author":1,"featured_media":0,"parent":0,"menu_order":0,"comment_status":"closed","ping_status":"closed","template":"","meta":{"_acf_changed":false,"footnotes":""},"class_list":["post-5931","page","type-page","status-publish","hentry"],"acf":[],"_links":{"self":[{"href":"https:\/\/mydelka.dnsite.pl\/en\/wp-json\/wp\/v2\/pages\/5931","targetHints":{"allow":["GET"]}}],"collection":[{"href":"https:\/\/mydelka.dnsite.pl\/en\/wp-json\/wp\/v2\/pages"}],"about":[{"href":"https:\/\/mydelka.dnsite.pl\/en\/wp-json\/wp\/v2\/types\/page"}],"author":[{"embeddable":true,"href":"https:\/\/mydelka.dnsite.pl\/en\/wp-json\/wp\/v2\/users\/1"}],"replies":[{"embeddable":true,"href":"https:\/\/mydelka.dnsite.pl\/en\/wp-json\/wp\/v2\/comments?post=5931"}],"version-history":[{"count":3,"href":"https:\/\/mydelka.dnsite.pl\/en\/wp-json\/wp\/v2\/pages\/5931\/revisions"}],"predecessor-version":[{"id":6174,"href":"https:\/\/mydelka.dnsite.pl\/en\/wp-json\/wp\/v2\/pages\/5931\/revisions\/6174"}],"wp:attachment":[{"href":"https:\/\/mydelka.dnsite.pl\/en\/wp-json\/wp\/v2\/media?parent=5931"}],"curies":[{"name":"wp","href":"https:\/\/api.w.org\/{rel}","templated":true}]}}